{"id":10325,"date":"2022-08-05T16:59:36","date_gmt":"2022-08-05T13:59:36","guid":{"rendered":"https:\/\/aura-istanbul.com\/?page_id=10325"},"modified":"2025-09-23T20:38:38","modified_gmt":"2025-09-23T17:38:38","slug":"aura-alumni-burak-karaca","status":"publish","type":"page","link":"https:\/\/aura-istanbul.com\/index.php\/aura-alumni-burak-karaca\/","title":{"rendered":"AURA Alumni: Burak Karaca"},"content":{"rendered":"<div class=\"wpb-content-wrapper\"><p>[vc_section][vc_row][vc_column width=&#8221;1\/6&#8243;][vc_single_image image=&#8221;10278&#8243; img_size=&#8221;large&#8221; alignment=&#8221;center&#8221;][vc_empty_space][vc_column_text]<strong>Burak Karaca<\/strong>[\/vc_column_text][vc_empty_space height=&#8221;16px&#8221;][vc_column_text]\u0130\u00e7 Mimar<br \/>\n\u0130stanbul K\u00fclt\u00fcr \u00dcniversitesi<\/p>\n<p>Bahar 2022<br \/>\nDan\u0131\u015fman: Arman Akdo\u011fan &#8211; \u00d6mer Devrim Aksoyak[\/vc_column_text][vc_empty_space][\/vc_column][vc_column width=&#8221;2\/3&#8243;][vc_column_text]<\/p>\n<p style=\"text-align: left;\"><strong>Yar\u0131n\u0131n Okullar\u0131 ve E\u011fitime Dair Yakla\u015f\u0131mlar<\/strong><\/p>\n<p>[\/vc_column_text][vc_column_text]Gelecekteki e\u011fitimin ve okullar\u0131n nas\u0131l olaca\u011f\u0131na dair\u00a0 yapt\u0131\u011f\u0131m bu \u00e7al\u0131\u015fmay\u0131 genel hatlar\u0131yla \u00fc\u00e7 a\u015famada y\u00fcr\u00fctt\u00fcm. Bu \u00fc\u00e7 ba\u015fl\u0131\u011f\u0131m\u0131 kavramsal\u00a0 ara\u015ft\u0131rmalar, tarihsel analizler ve \u00f6rnek prototip bir tasar\u0131m olu\u015fturmakta. \u0130lk ba\u015fl\u0131\u011f\u0131m olan kavramsal ara\u015ft\u0131rmalara Rousseau, Kant gibi d\u00fc\u015f\u00fcn\u00fcrlerin e\u011fitim hakk\u0131ndaki d\u00fc\u015f\u00fcnceleri ele alarak ba\u015fland\u0131.Sonras\u0131nda bu ara\u015ft\u0131rmalar\u0131 OECD raporlar\u0131, \u00e7e\u015fitli \u00fclkelerin e\u011fitim politikalar\u0131 (Finlandiya, Almanya, G\u00fcney Kore&#8230;) \u00fczerine yap\u0131lan ara\u015ft\u0131rmalar sonucu proje i\u00e7in d\u00fc\u015f\u00fcnsel bir temel haz\u0131rland\u0131.<\/p>\n<p>\u0130kinci ba\u015fl\u0131\u011f\u0131m olan tarihsel analizler k\u0131sm\u0131nda ise antik yunan,kilise okullar\u0131,medreseler ve yak\u0131n \u00e7a\u011f okullar\u0131n\u0131n politikalar\u0131 ve mekansal kar\u015f\u0131l\u0131klar\u0131n\u0131 analiz ettim.Bu ara\u015ft\u0131rmalara yak\u0131n \u00e7a\u011f\u0131n e\u011fitim anlay\u0131\u015f\u0131n\u0131 \u00f6nemli \u00f6l\u00e7\u00fcde de\u011fi\u015ftiren olaylara yak\u0131n \u00f6l\u00e7ekten bakarak, de\u011fi\u015fiklikleri saptad\u0131m. Son olarak da 13.yy dan bu yana T\u00fcrk e\u011fitimindeki politikalar\u0131 ve mekansal geli\u015fmeleri daha yak\u0131ndan incelendi.<\/p>\n<p>\u00dc\u00e7\u00fcnc\u00fc a\u015famada ise buraya gelene kadar elde edilen kazan\u0131mlar\u0131n mekandaki kar\u015f\u0131l\u0131\u011f\u0131n\u0131 bulmak i\u00e7in belli ba\u015fl\u0131 tasar\u0131m kriterleri belirlendi. Belirlenen bu kriterler sonucu genel mekan organizasyonundan en temel e\u011fitim mekan\u0131 olan s\u0131n\u0131fa kadar baz\u0131 tasar\u0131m kararlar\u0131 al\u0131nd\u0131.Bu al\u0131nan kararlar\u0131n\u0131n temelleri m\u00fcmk\u00fcn oldu\u011fu kadar a\u00e7\u0131klanarak proje sunuma haz\u0131r hale getirildi.<\/p>\n<p class=\"AnaMetinTRA4\"><span lang=\"EN-US\">\u00a0<\/span><\/p>\n<p>[\/vc_column_text][vc_empty_space][vc_gallery interval=&#8221;10&#8243; images=&#8221;10603,10604,10605,10606,10607&#8243; img_size=&#8221;full&#8221;][vc_empty_space][\/vc_column][vc_column width=&#8221;1\/6&#8243;][vc_single_image image=&#8221;10332&#8243; img_size=&#8221;full&#8221; alignment=&#8221;center&#8221; style=&#8221;vc_box_border&#8221; onclick=&#8221;custom_link&#8221; img_link_target=&#8221;_blank&#8221;][vc_empty_space height=&#8221;16px&#8221;][vc_row_inner][vc_column_inner][vc_column_text][\/vc_column_text][\/vc_column_inner][\/vc_row_inner][vc_row_inner][vc_column_inner width=&#8221;2\/3&#8243;][\/vc_column_inner][vc_column_inner width=&#8221;1\/3&#8243;][\/vc_column_inner][\/vc_row_inner][\/vc_column][\/vc_row][\/vc_section]<\/p>\n<\/div>","protected":false},"excerpt":{"rendered":"<p>[vc_section][vc_row][vc_column width=&#8221;1\/6&#8243;][vc_single_image image=&#8221;10278&#8243; img_size=&#8221;large&#8221; alignment=&#8221;center&#8221;][vc_empty_space][vc_column_text]Burak Karaca[\/vc_column_text][vc_empty_space height=&#8221;16px&#8221;][vc_column_text]\u0130\u00e7 Mimar \u0130stanbul K\u00fclt\u00fcr \u00dcniversitesi Bahar 2022 Dan\u0131\u015fman: Arman Akdo\u011fan &#8211; \u00d6mer Devrim Aksoyak[\/vc_column_text][vc_empty_space][\/vc_column][vc_column width=&#8221;2\/3&#8243;][vc_column_text] Yar\u0131n\u0131n Okullar\u0131 ve E\u011fitime Dair Yakla\u015f\u0131mlar [\/vc_column_text][vc_column_text]Gelecekteki e\u011fitimin ve [&hellip;]<\/p>\n","protected":false},"author":7,"featured_media":0,"parent":0,"menu_order":0,"comment_status":"closed","ping_status":"closed","template":"","meta":{"_acf_changed":false,"_seopress_robots_primary_cat":"","_seopress_titles_title":"Burak Karaca: Yar\u0131n\u0131n Okullar\u0131 ve E\u011fitime Dair Yakla\u015f\u0131mlar | %%sitetitle%%","_seopress_titles_desc":"Gelecekteki e\u011fitimin ve okullar\u0131n nas\u0131l olaca\u011f\u0131na dair\u00a0 yapt\u0131\u011f\u0131m bu \u00e7al\u0131\u015fmay\u0131 genel hatlar\u0131yla \u00fc\u00e7 a\u015famada y\u00fcr\u00fctt\u00fcm. Bu \u00fc\u00e7 ba\u015fl\u0131\u011f\u0131m\u0131 kavramsal\u00a0 ara\u015ft\u0131rmalar, tarihsel analizler ve \u00f6rnek prototip bir tasar\u0131m olu\u015fturmakta.","_seopress_robots_index":"","_price":"","_stock":"","_tribe_ticket_header":"","_tribe_default_ticket_provider":"","_tribe_ticket_capacity":"0","_ticket_start_date":"","_ticket_end_date":"","_tribe_ticket_show_description":"","_tribe_ticket_show_not_going":false,"_tribe_ticket_use_global_stock":"","_tribe_ticket_global_stock_level":"","_global_stock_mode":"","_global_stock_cap":"","_tribe_rsvp_for_event":"","_tribe_ticket_going_count":"","_tribe_ticket_not_going_count":"","_tribe_tickets_list":"[]","_tribe_ticket_has_attendee_info_fields":false,"_EventAllDay":false,"_EventTimezone":"","_EventStartDate":"","_EventEndDate":"","_EventStartDateUTC":"","_EventEndDateUTC":"","_EventShowMap":false,"_EventShowMapLink":false,"_EventURL":"","_EventCost":"","_EventCostDescription":"","_EventCurrencySymbol":"","_EventCurrencyCode":"","_EventCurrencyPosition":"","_EventDateTimeSeparator":"","_EventTimeRangeSeparator":"","_EventOrganizerID":[],"_EventVenueID":[],"_OrganizerEmail":"","_OrganizerPhone":"","_OrganizerWebsite":"","_VenueAddress":"","_VenueCity":"","_VenueCountry":"","_VenueProvince":"","_VenueState":"","_VenueZip":"","_VenuePhone":"","_VenueURL":"","_VenueStateProvince":"","_VenueLat":"","_VenueLng":"","_VenueShowMap":false,"_VenueShowMapLink":false,"footnotes":"","_tec_slr_enabled":"","_tec_slr_layout":""},"class_list":["post-10325","page","type-page","status-publish","hentry"],"acf":[],"ticketed":false,"_links":{"self":[{"href":"https:\/\/aura-istanbul.com\/index.php\/wp-json\/wp\/v2\/pages\/10325","targetHints":{"allow":["GET"]}}],"collection":[{"href":"https:\/\/aura-istanbul.com\/index.php\/wp-json\/wp\/v2\/pages"}],"about":[{"href":"https:\/\/aura-istanbul.com\/index.php\/wp-json\/wp\/v2\/types\/page"}],"author":[{"embeddable":true,"href":"https:\/\/aura-istanbul.com\/index.php\/wp-json\/wp\/v2\/users\/7"}],"replies":[{"embeddable":true,"href":"https:\/\/aura-istanbul.com\/index.php\/wp-json\/wp\/v2\/comments?post=10325"}],"version-history":[{"count":3,"href":"https:\/\/aura-istanbul.com\/index.php\/wp-json\/wp\/v2\/pages\/10325\/revisions"}],"predecessor-version":[{"id":15154,"href":"https:\/\/aura-istanbul.com\/index.php\/wp-json\/wp\/v2\/pages\/10325\/revisions\/15154"}],"wp:attachment":[{"href":"https:\/\/aura-istanbul.com\/index.php\/wp-json\/wp\/v2\/media?parent=10325"}],"curies":[{"name":"wp","href":"https:\/\/api.w.org\/{rel}","templated":true}]}}