{"id":10482,"date":"2022-08-12T16:56:07","date_gmt":"2022-08-12T13:56:07","guid":{"rendered":"https:\/\/aura-istanbul.com\/?page_id=10482"},"modified":"2025-09-23T20:37:17","modified_gmt":"2025-09-23T17:37:17","slug":"aura-alumni-inci-nazlican-sagirbas","status":"publish","type":"page","link":"https:\/\/aura-istanbul.com\/index.php\/aura-alumni-inci-nazlican-sagirbas\/","title":{"rendered":"AURA Alumni: \u0130nci Nazl\u0131can Sa\u011f\u0131rba\u015f"},"content":{"rendered":"<div class=\"wpb-content-wrapper\"><p>[vc_section][vc_row][vc_column width=&#8221;1\/6&#8243;][vc_single_image image=&#8221;10480&#8243; img_size=&#8221;large&#8221; alignment=&#8221;center&#8221;][vc_empty_space][vc_column_text]<strong>\u0130nci Nazl\u0131can Sa\u011f\u0131rba\u015f<\/strong>[\/vc_column_text][vc_empty_space height=&#8221;16px&#8221;][vc_column_text]Mimar<br \/>\n\u0130zmir Y\u00fcksek Teknoloji Enstit\u00fcs\u00fc<\/p>\n<p>Bahar 2022<br \/>\nDan\u0131\u015fman: Arman Akdo\u011fan &#8211; \u00d6mer Devrim Aksoyak[\/vc_column_text][vc_empty_space][\/vc_column][vc_column width=&#8221;2\/3&#8243;][vc_column_text]<strong>\u0130nsandan \u00d6te bir \u0130stanbul\u2019da \u0130htimam Gelecekleri<\/strong>[\/vc_column_text][vc_column_text]<strong>\u00a0<\/strong>\u2018\u0130htimam Gelecekleri\u2019 kentteki g\u00fc\u00e7 sistemlerini yap\u0131s\u00f6k\u00fcme u\u011fratmay\u0131 ve bunlar\u0131n \u0130stanbul\u2019un kentsel mekanlar\u0131nda nas\u0131l ara\u00e7lar, bo\u015fluklar, rit\u00fceller ile yeniden \u00fcretildi\u011fine \u2018bakmay\u0131\u2019 ama\u00e7lar. Kimlerin gelece\u011fi? Kimlerin ge\u00e7mi\u015fi? Kimlerin tasar\u0131m\u0131? Kimler kat\u0131l\u0131yor ve kimlere dikkat veriliyor? Kim susturuluyor ve kim sessiz? Kim etkili ve kim etkileniyor? Tasar\u0131m s\u00fcre\u00e7lerinde kim kalacak ve \u00e7\u0131kacak? Kim \u2018ihtimam\u2019 g\u00f6steriyor? Bu sorularla beraber tasar\u0131m\u0131n etik bir sistem taraf\u0131ndan de\u011ferlendirilebilir olmas\u0131n\u0131 sorguluyorum. Sorumluluk, kentte insan-merkezcilik ve d\u00fcalizmin \u00f6tesinde bir \u201cakrabal\u0131k\u201d yoluyla harekete ge\u00e7irilebilir mi?[\/vc_column_text][vc_empty_space][vc_gallery interval=&#8221;10&#8243; images=&#8221;10483,10484,10485,10486,10487,10488&#8243; img_size=&#8221;full&#8221;][vc_empty_space][\/vc_column][vc_column width=&#8221;1\/6&#8243;][vc_single_image image=&#8221;10490&#8243; img_size=&#8221;full&#8221; alignment=&#8221;center&#8221; style=&#8221;vc_box_border&#8221; onclick=&#8221;custom_link&#8221; img_link_target=&#8221;_blank&#8221;][vc_empty_space height=&#8221;16px&#8221;][vc_row_inner][vc_column_inner][vc_column_text][\/vc_column_text][\/vc_column_inner][\/vc_row_inner][vc_row_inner][vc_column_inner width=&#8221;2\/3&#8243;][\/vc_column_inner][vc_column_inner width=&#8221;1\/3&#8243;][\/vc_column_inner][\/vc_row_inner][\/vc_column][\/vc_row][\/vc_section]<\/p>\n<\/div>","protected":false},"excerpt":{"rendered":"<p>[vc_section][vc_row][vc_column width=&#8221;1\/6&#8243;][vc_single_image image=&#8221;10480&#8243; img_size=&#8221;large&#8221; alignment=&#8221;center&#8221;][vc_empty_space][vc_column_text]\u0130nci Nazl\u0131can Sa\u011f\u0131rba\u015f[\/vc_column_text][vc_empty_space height=&#8221;16px&#8221;][vc_column_text]Mimar \u0130zmir Y\u00fcksek Teknoloji Enstit\u00fcs\u00fc Bahar 2022 Dan\u0131\u015fman: Arman Akdo\u011fan &#8211; \u00d6mer Devrim Aksoyak[\/vc_column_text][vc_empty_space][\/vc_column][vc_column width=&#8221;2\/3&#8243;][vc_column_text]\u0130nsandan \u00d6te bir \u0130stanbul\u2019da \u0130htimam Gelecekleri[\/vc_column_text][vc_column_text]\u00a0\u2018\u0130htimam Gelecekleri\u2019 kentteki g\u00fc\u00e7 [&hellip;]<\/p>\n","protected":false},"author":7,"featured_media":0,"parent":0,"menu_order":0,"comment_status":"closed","ping_status":"closed","template":"","meta":{"_acf_changed":false,"_seopress_robots_primary_cat":"","_seopress_titles_title":"\u0130nci Nazl\u0131can Sa\u011f\u0131rba\u015f: \u0130nsandan \u00d6te bir \u0130stanbul\u2019da \u0130htimam Gelecekleri | %%sitetitle%%","_seopress_titles_desc":"\u00a0\u2018\u0130htimam Gelecekleri\u2019 kentteki g\u00fc\u00e7 sistemlerini yap\u0131s\u00f6k\u00fcme u\u011fratmay\u0131 ve bunlar\u0131n \u0130stanbul\u2019un kentsel mekanlar\u0131nda nas\u0131l ara\u00e7lar, bo\u015fluklar, rit\u00fceller ile yeniden \u00fcretildi\u011fine \u2018bakmay\u0131\u2019 ama\u00e7lar.","_seopress_robots_index":"","_price":"","_stock":"","_tribe_ticket_header":"","_tribe_default_ticket_provider":"","_tribe_ticket_capacity":"0","_ticket_start_date":"","_ticket_end_date":"","_tribe_ticket_show_description":"","_tribe_ticket_show_not_going":false,"_tribe_ticket_use_global_stock":"","_tribe_ticket_global_stock_level":"","_global_stock_mode":"","_global_stock_cap":"","_tribe_rsvp_for_event":"","_tribe_ticket_going_count":"","_tribe_ticket_not_going_count":"","_tribe_tickets_list":"[]","_tribe_ticket_has_attendee_info_fields":false,"_EventAllDay":false,"_EventTimezone":"","_EventStartDate":"","_EventEndDate":"","_EventStartDateUTC":"","_EventEndDateUTC":"","_EventShowMap":false,"_EventShowMapLink":false,"_EventURL":"","_EventCost":"","_EventCostDescription":"","_EventCurrencySymbol":"","_EventCurrencyCode":"","_EventCurrencyPosition":"","_EventDateTimeSeparator":"","_EventTimeRangeSeparator":"","_EventOrganizerID":[],"_EventVenueID":[],"_OrganizerEmail":"","_OrganizerPhone":"","_OrganizerWebsite":"","_VenueAddress":"","_VenueCity":"","_VenueCountry":"","_VenueProvince":"","_VenueState":"","_VenueZip":"","_VenuePhone":"","_VenueURL":"","_VenueStateProvince":"","_VenueLat":"","_VenueLng":"","_VenueShowMap":false,"_VenueShowMapLink":false,"footnotes":"","_tec_slr_enabled":"","_tec_slr_layout":""},"class_list":["post-10482","page","type-page","status-publish","hentry"],"acf":[],"ticketed":false,"_links":{"self":[{"href":"https:\/\/aura-istanbul.com\/index.php\/wp-json\/wp\/v2\/pages\/10482","targetHints":{"allow":["GET"]}}],"collection":[{"href":"https:\/\/aura-istanbul.com\/index.php\/wp-json\/wp\/v2\/pages"}],"about":[{"href":"https:\/\/aura-istanbul.com\/index.php\/wp-json\/wp\/v2\/types\/page"}],"author":[{"embeddable":true,"href":"https:\/\/aura-istanbul.com\/index.php\/wp-json\/wp\/v2\/users\/7"}],"replies":[{"embeddable":true,"href":"https:\/\/aura-istanbul.com\/index.php\/wp-json\/wp\/v2\/comments?post=10482"}],"version-history":[{"count":2,"href":"https:\/\/aura-istanbul.com\/index.php\/wp-json\/wp\/v2\/pages\/10482\/revisions"}],"predecessor-version":[{"id":15149,"href":"https:\/\/aura-istanbul.com\/index.php\/wp-json\/wp\/v2\/pages\/10482\/revisions\/15149"}],"wp:attachment":[{"href":"https:\/\/aura-istanbul.com\/index.php\/wp-json\/wp\/v2\/media?parent=10482"}],"curies":[{"name":"wp","href":"https:\/\/api.w.org\/{rel}","templated":true}]}}