{"id":2616,"date":"2017-06-30T16:41:30","date_gmt":"2017-06-30T13:41:30","guid":{"rendered":"https:\/\/aura-istanbul.com\/?page_id=2616"},"modified":"2017-07-03T09:51:44","modified_gmt":"2017-07-03T06:51:44","slug":"egitim","status":"publish","type":"page","link":"https:\/\/aura-istanbul.com\/index.php\/aura-yaz-akademisi-2017\/egitim\/","title":{"rendered":"E\u011fitim Kadrosu"},"content":{"rendered":"<div class=\"wpb-content-wrapper\"><p>[vc_row][vc_column width=&#8221;1\/3&#8243;][vc_single_image image=&#8221;2609&#8243; img_size=&#8221;medium&#8221; alignment=&#8221;center&#8221;][vc_column_text]<\/p>\n<h4 style=\"text-align: center;\">Cengiz Kabao\u011flu<\/h4>\n<p>[\/vc_column_text][vc_column_text]<\/p>\n<p style=\"text-align: center;\"><em>Mimar<br \/>\n<\/em><\/p>\n<p style=\"text-align: center;\">1953 y\u0131l\u0131nda Ankara\u2019da do\u011fan Cengiz Kabao\u011flu, 1978 y\u0131l\u0131nda Orta Do\u011fu Teknik \u00dcniversitesi Mimarl\u0131k Fak\u00fcltesi\u2019nden mezun olmu\u015ftur. Mezuniyetini takip eden y\u0131llarda s\u0131ras\u0131yla; Orta Do\u011fu Teknik \u00dcniversitesi\u2019nde Ara\u015ft\u0131rma G\u00f6revlisi, Konya Devlet Mimarl\u0131k M\u00fchendislik Akademisi\u2019nde\u00a0&#8230;<\/p>\n<p>[\/vc_column_text][vc_btn title=&#8221;devam\u0131&#8221; size=&#8221;xs&#8221; align=&#8221;center&#8221; link=&#8221;url:https%3A%2F%2Faura-istanbul.com%2Findex.php%2Fyaz-akademisi-2017%2Fegitim%2Fcengiz-kabaoglu%2F|||&#8221;][\/vc_column][vc_column width=&#8221;1\/3&#8243;][vc_single_image image=&#8221;2610&#8243; img_size=&#8221;medium&#8221; alignment=&#8221;center&#8221;][vc_column_text]<\/p>\n<h4 style=\"text-align: center;\">Kaya Din\u00e7er<\/h4>\n<p>[\/vc_column_text][vc_column_text]<\/p>\n<p style=\"text-align: center;\"><em>Mimar<br \/>\n<\/em><\/p>\n<p style=\"text-align: center;\">1952 y\u0131l\u0131nda do\u011fan Kaya Din\u00e7er, 1971 y\u0131l\u0131nda Arnavutk\u00f6y Amerikan K\u0131z Kolejini, 1977 de Devlet G\u00fczel Sanatlar Akademisi Y\u00fcksek Mimarl\u0131k B\u00f6l\u00fcm\u00fc\u2019n\u00fc bitirdi. O zamandan beri zaman zaman mimar\u00ee proje yar\u0131\u015fmalar\u0131na kat\u0131ld\u0131; Anadolu\u2019daki mimar\u00ee miras\u0131n renkli \u00e7izimler ile belgelenmesinde \u00e7al\u0131\u015ft\u0131&#8230;<\/p>\n<p>[\/vc_column_text][vc_btn title=&#8221;devam\u0131&#8221; size=&#8221;xs&#8221; align=&#8221;center&#8221; link=&#8221;url:https%3A%2F%2Faura-istanbul.com%2Findex.php%2Fyaz-akademisi-2017%2Fegitim%2Fkaya-dincer%2F|||&#8221;][\/vc_column][vc_column width=&#8221;1\/3&#8243;][vc_single_image image=&#8221;2613&#8243; img_size=&#8221;medium&#8221; alignment=&#8221;center&#8221;][vc_column_text]<\/p>\n<h4 style=\"text-align: center;\">Nezih Ba\u015fgelen<\/h4>\n<p>[\/vc_column_text][vc_column_text]<\/p>\n<p style=\"text-align: center;\"><em>Arkeolog \/ Edit\u00f6r<\/em><\/p>\n<p style=\"text-align: center;\">1958 y\u0131l\u0131nda \u0130stanbul\u2019da do\u011fdu. 1978\u2019de, g\u00fcn\u00fcm\u00fczde halen yay\u0131n hayat\u0131na devam eden Arkeoloji ve Sanat Dergisi\u2019ni \u00e7\u0131kard\u0131. 1982\u2019de kurdu\u011fu Arkeoloji ve Sanat Yay\u0131nlar\u0131, \u00dclkemizin zengin tarihi eserleri, eski uygarl\u0131klar\u0131 hakk\u0131nda ara\u015ft\u0131rma, inceleme, el kitaplar\u0131, kataloglar, gezi rehberleri\u00a0&#8230;<\/p>\n<p>[\/vc_column_text][vc_btn title=&#8221;devam\u0131&#8221; size=&#8221;xs&#8221; align=&#8221;center&#8221; link=&#8221;url:https%3A%2F%2Faura-istanbul.com%2Findex.php%2Fyaz-akademisi-2017%2Fegitim%2Fnezih-basgelen%2F|||&#8221;][\/vc_column][\/vc_row][vc_row][vc_column width=&#8221;1\/3&#8243;][vc_single_image image=&#8221;2618&#8243; img_size=&#8221;medium&#8221; alignment=&#8221;center&#8221;][vc_column_text]<\/p>\n<h4 style=\"text-align: center;\">Ay\u015feg\u00fcl G\u00fcng\u00f6ren<\/h4>\n<p>[\/vc_column_text][vc_column_text]<\/p>\n<p style=\"text-align: center;\"><em>Sanat Tarih\u00e7isi<\/em><\/p>\n<p style=\"text-align: center;\">\u00a0Hacettepe \u00dcniversitesi Edebiyat Fak\u00fcltesi Arkeoloji ve Sanat Tarihi B\u00f6l\u00fcm\u00fcnden mezun oldu. Ayn\u0131 \u00fcniversitenin Sanat Tarihi Anabilim Dal\u0131nda Y\u00fcksek Lisans yapt\u0131, uzmanl\u0131\u011f\u0131n\u0131 ald\u0131. Smyrna (Bayrakl\u0131 H\u00f6y\u00fc\u011f\u00fc) ve Myra Aziz Nikolaos Kilisesi(Demre) Kaz\u0131lar\u0131nda \u00e7al\u0131\u015ft\u0131..<\/p>\n<p>[\/vc_column_text][vc_btn title=&#8221;devam\u0131&#8221; size=&#8221;xs&#8221; align=&#8221;center&#8221; link=&#8221;url:https%3A%2F%2Faura-istanbul.com%2Findex.php%2Fyaz-akademisi-2017%2Fegitim%2Faysegul-gungoren%2F|||&#8221;][\/vc_column][vc_column width=&#8221;1\/3&#8243;][vc_single_image image=&#8221;2608&#8243; img_size=&#8221;medium&#8221; alignment=&#8221;center&#8221;][vc_column_text]<\/p>\n<h4 style=\"text-align: center;\">B\u00fc\u015fra Yeltekin<\/h4>\n<p>[\/vc_column_text][vc_column_text]<\/p>\n<p style=\"text-align: center;\"><em>Mimar \/ Foto\u011fraf Sanat\u00e7\u0131s\u0131<\/em><\/p>\n<p style=\"text-align: center;\">BAU Mimarl\u0131k Fak\u00fcltesinden mezun oldu. Mugokawa Womens University Osaka&#8217;da e\u011fitim ald\u0131. Y\u00fcksek lisans e\u011fitimine \u0130T\u00dc Mimari Tasar\u0131mda Bili\u015fim ile ba\u015flay\u0131p Bauhaus Universitat Weimar&#8217;da devam etti.<br \/>\nMimarl\u0131k ve foto\u011fraf\u0131n birbirini besleyen disiplinler oldu\u011funa inand\u0131&#8230;<\/p>\n<p>[\/vc_column_text][vc_btn title=&#8221;devam\u0131&#8221; size=&#8221;xs&#8221; align=&#8221;center&#8221; link=&#8221;url:https%3A%2F%2Faura-istanbul.com%2Findex.php%2Fyaz-akademisi-2017%2Fegitim%2Fbusra-yeltekin%2F|||&#8221;][\/vc_column][vc_column width=&#8221;1\/3&#8243;][vc_single_image image=&#8221;2612&#8243; img_size=&#8221;medium&#8221; alignment=&#8221;center&#8221;][vc_column_text]<\/p>\n<h4 style=\"text-align: center;\">Necmi Karul<\/h4>\n<p>[\/vc_column_text][vc_column_text]<\/p>\n<p style=\"text-align: center;\"><em>Arkeolog<\/em><\/p>\n<p style=\"text-align: center;\">\u0130stanbul \u00dcniversitesi Prehistorya Anabilim Dal\u0131\u2019nda lisan ve y\u00fcksek lisans\u0131n\u0131 tamamlayan Karul, DAAD bursu ile doktoras\u0131n\u0131 2000 y\u0131l\u0131nda Berlin Frei Universit\u00e4t\u2019de tamamlad\u0131. Doktoran\u0131n ard\u0131ndan Atlas Dergisi arkeoloji edit\u00f6rl\u00fc\u011f\u00fc yapan Karul 2002 y\u0131l\u0131nda Prehistorya Anabilim Dal\u0131\u2019nda&#8230;<\/p>\n<p>[\/vc_column_text][vc_btn title=&#8221;devam\u0131&#8221; size=&#8221;xs&#8221; align=&#8221;center&#8221; link=&#8221;url:https%3A%2F%2Faura-istanbul.com%2Findex.php%2Fyaz-akademisi-2017%2Fegitim%2Fnecmi-karul%2F|||&#8221;][\/vc_column][\/vc_row]<\/p>\n<\/div>","protected":false},"excerpt":{"rendered":"<p>[vc_row][vc_column width=&#8221;1\/3&#8243;][vc_single_image image=&#8221;2609&#8243; img_size=&#8221;medium&#8221; alignment=&#8221;center&#8221;][vc_column_text] Cengiz Kabao\u011flu [\/vc_column_text][vc_column_text] Mimar 1953 y\u0131l\u0131nda Ankara\u2019da do\u011fan Cengiz Kabao\u011flu, 1978 y\u0131l\u0131nda Orta Do\u011fu Teknik \u00dcniversitesi Mimarl\u0131k Fak\u00fcltesi\u2019nden mezun olmu\u015ftur. Mezuniyetini takip eden y\u0131llarda s\u0131ras\u0131yla; [&hellip;]<\/p>\n","protected":false},"author":2,"featured_media":2301,"parent":2206,"menu_order":0,"comment_status":"closed","ping_status":"open","template":"","meta":{"_acf_changed":false,"_seopress_robots_primary_cat":"","_seopress_titles_title":"","_seopress_titles_desc":"","_seopress_robots_index":"","_price":"","_stock":"","_tribe_ticket_header":"","_tribe_default_ticket_provider":"","_tribe_ticket_capacity":"0","_ticket_start_date":"","_ticket_end_date":"","_tribe_ticket_show_description":"","_tribe_ticket_show_not_going":false,"_tribe_ticket_use_global_stock":"","_tribe_ticket_global_stock_level":"","_global_stock_mode":"","_global_stock_cap":"","_tribe_rsvp_for_event":"","_tribe_ticket_going_count":"","_tribe_ticket_not_going_count":"","_tribe_tickets_list":"[]","_tribe_ticket_has_attendee_info_fields":false,"_EventAllDay":false,"_EventTimezone":"","_EventStartDate":"","_EventEndDate":"","_EventStartDateUTC":"","_EventEndDateUTC":"","_EventShowMap":false,"_EventShowMapLink":false,"_EventURL":"","_EventCost":"","_EventCostDescription":"","_EventCurrencySymbol":"","_EventCurrencyCode":"","_EventCurrencyPosition":"","_EventDateTimeSeparator":"","_EventTimeRangeSeparator":"","_EventOrganizerID":[],"_EventVenueID":[],"_OrganizerEmail":"","_OrganizerPhone":"","_OrganizerWebsite":"","_VenueAddress":"","_VenueCity":"","_VenueCountry":"","_VenueProvince":"","_VenueState":"","_VenueZip":"","_VenuePhone":"","_VenueURL":"","_VenueStateProvince":"","_VenueLat":"","_VenueLng":"","_VenueShowMap":false,"_VenueShowMapLink":false,"footnotes":"","_tec_slr_enabled":"","_tec_slr_layout":""},"class_list":["post-2616","page","type-page","status-publish","has-post-thumbnail","hentry"],"acf":[],"ticketed":false,"_links":{"self":[{"href":"https:\/\/aura-istanbul.com\/index.php\/wp-json\/wp\/v2\/pages\/2616","targetHints":{"allow":["GET"]}}],"collection":[{"href":"https:\/\/aura-istanbul.com\/index.php\/wp-json\/wp\/v2\/pages"}],"about":[{"href":"https:\/\/aura-istanbul.com\/index.php\/wp-json\/wp\/v2\/types\/page"}],"author":[{"embeddable":true,"href":"https:\/\/aura-istanbul.com\/index.php\/wp-json\/wp\/v2\/users\/2"}],"replies":[{"embeddable":true,"href":"https:\/\/aura-istanbul.com\/index.php\/wp-json\/wp\/v2\/comments?post=2616"}],"version-history":[{"count":17,"href":"https:\/\/aura-istanbul.com\/index.php\/wp-json\/wp\/v2\/pages\/2616\/revisions"}],"predecessor-version":[{"id":2670,"href":"https:\/\/aura-istanbul.com\/index.php\/wp-json\/wp\/v2\/pages\/2616\/revisions\/2670"}],"up":[{"embeddable":true,"href":"https:\/\/aura-istanbul.com\/index.php\/wp-json\/wp\/v2\/pages\/2206"}],"wp:featuredmedia":[{"embeddable":true,"href":"https:\/\/aura-istanbul.com\/index.php\/wp-json\/wp\/v2\/media\/2301"}],"wp:attachment":[{"href":"https:\/\/aura-istanbul.com\/index.php\/wp-json\/wp\/v2\/media?parent=2616"}],"curies":[{"name":"wp","href":"https:\/\/api.w.org\/{rel}","templated":true}]}}