{"id":2631,"date":"2017-06-30T16:45:41","date_gmt":"2017-06-30T13:45:41","guid":{"rendered":"https:\/\/aura-istanbul.com\/?page_id=2631"},"modified":"2017-06-30T16:45:41","modified_gmt":"2017-06-30T13:45:41","slug":"cengiz-kabaoglu","status":"publish","type":"page","link":"https:\/\/aura-istanbul.com\/index.php\/aura-yaz-akademisi-2017\/egitim\/cengiz-kabaoglu\/","title":{"rendered":"Cengiz Kabao\u011flu"},"content":{"rendered":"<div class=\"wpb-content-wrapper\"><p>[vc_row][vc_column width=&#8221;1\/3&#8243;][vc_single_image image=&#8221;2609&#8243; img_size=&#8221;large&#8221;][\/vc_column][vc_column width=&#8221;2\/3&#8243;][vc_column_text]<strong>CENG\u0130Z KABAO\u011eLU<br \/>\n<\/strong><em>Mimar<\/em><\/p>\n<p>1953 y\u0131l\u0131nda Ankara\u2019da do\u011fan CENG\u0130Z KABAO\u011eLU, 1978 y\u0131l\u0131nda Orta Do\u011fu Teknik \u00dcniversitesi Mimarl\u0131k Fak\u00fcltesi\u2019nden mezun olmu\u015ftur. Mezuniyetini takip eden y\u0131llarda s\u0131ras\u0131yla; Orta Do\u011fu Teknik \u00dcniversitesi\u2019nde Ara\u015ft\u0131rma G\u00f6revlisi, Konya Devlet Mimarl\u0131k M\u00fchendislik Akademisi\u2019nde ve Ankara Devlet Mimarl\u0131k M\u00fchendislik Akademisi\u2019nde de \u00d6\u011fretim G\u00f6revlisi olarak g\u00f6rev yapm\u0131\u015ft\u0131r. 1980 \u2013 1983 y\u0131llar\u0131 aras\u0131nda Orta Do\u011fu Teknik \u00dcniversitesi Rekt\u00f6rl\u00fc\u011f\u00fc\u2019nde \u00fcniversite mimar\u0131 olarak \u00e7al\u0131\u015fan KABAO\u011eLU, 1984-1986 y\u0131llar\u0131nda bulundu\u011fu \u0130talya ve Cezayir\u2019den d\u00f6nd\u00fckten sonra, kurucusu oldu\u011fu KA-BA ESK\u0130 ESERLER KORUMA VE DE\u011eERLEND\u0130RME \u2013 M\u0130MARLIK LTD\u2019de Nisan 1987\u2019den bu yana mimarl\u0131k yapmaktad\u0131r. CENG\u0130Z KABAO\u011eLU, 40 y\u0131la yak\u0131n bir s\u00fcredir \u2018k\u00fclt\u00fcrel miras\u0131n korunmas\u0131 ve sunulmas\u0131 projeleri\u2019, \u2018yap\u0131 ve \u00e7evre tasar\u0131m\u0131 ve planlamas\u0131\u2019 ve \u2018proje y\u00f6netimi\u2019 konular\u0131nda uzmanla\u015fm\u0131\u015ft\u0131r.<\/p>\n<p>Ankara <strong>\u0130svi\u00e7re El\u00e7ili\u011fi<\/strong>, Ankara <strong>\u00c7engel Han Rahmi Ko\u00e7 M\u00fczesi<\/strong>, <strong>Alanya Kalesi<\/strong> Koruma ve Geli\u015ftirme Plan\u0131, Demre <strong>Aziz Nikolaos Kilisesi<\/strong> Koruma ve \u00c7evre D\u00fczenleme Projesi, <strong>Kayakap\u0131<\/strong> K\u00fclt\u00fcrel ve Do\u011fal \u00c7evre Koruma ve Canland\u0131rma Projesi, Ankara <strong>Dil ve Tarih &#8211; Co\u011frafya Fak\u00fcltesi<\/strong> Projesi, <strong>Kayak\u00f6y<\/strong> Koruma Plan\u0131, \u0130stanbul <strong>Pera Palas<\/strong> Projesi, <strong>Tarsus Tarihi Kent Merkezi Roma D\u00f6nemi Kal\u0131nt\u0131lar\u0131<\/strong> Koruma ve Sergileme Projesi, Kocaeli <strong>Seka Ka\u011f\u0131t M\u00fczesi<\/strong> Projesi, \u0130stanbul <strong>\u00c7inili Hamam<\/strong> Projesi, Ankara Cumhurba\u015fkanl\u0131\u011f\u0131 <strong>Pembe K\u00f6\u015fk<\/strong> Projesi KABAO\u011eLU\u2019nun \u00e7al\u0131\u015fmalar\u0131ndan baz\u0131lar\u0131d\u0131r.<\/p>\n<p>KABAO\u011eLU; gerek \u00fclke \u00e7ap\u0131nda, Anadolu\u2019nun farkl\u0131 k\u00fclt\u00fcr ve d\u00f6nemlerine ait, gerekse de yurtd\u0131\u015f\u0131nda, 150\u2019nin \u00fczerinde projeye imza atm\u0131\u015ft\u0131r. \u00c7e\u015fitli \u00f6d\u00fcl ve takdirnamelere sahip bir\u00e7ok projeden birisi olan, Kapadokya\u2019da ger\u00e7ekle\u015ftirilen <strong>Sar\u0131ca Kilise Projesi<\/strong>; ulusal alanda 9. Ulusal Mimarl\u0131k Yap\u0131 \/ Koruma \u00f6d\u00fcl\u00fc ve uluslararas\u0131 alanda ise Mimari Miras\u0131n Korunmas\u0131nda En Y\u00fcksek \u00d6d\u00fcl olan EUROPA NOSTRA 2006 Avrupa Birli\u011fi K\u00fclt\u00fcrel Miras \u00d6d\u00fcl\u00fc\u2019ne lay\u0131k g\u00f6r\u00fclm\u00fc\u015ft\u00fcr. Milet <strong>\u0130lyas Bey K\u00fclliyesi Projesi<\/strong> ile de koruma dal\u0131nda EUROPA NOSTRA 2012 Avrupa Birli\u011fi K\u00fclt\u00fcrel Miras \u00d6d\u00fcl\u00fcn\u00fc kazanm\u0131\u015ft\u0131r. Hasankeyf <strong>Zeynel Bey T\u00fcrbesi Projesi<\/strong> ise Mimarlar Odas\u0131 taraf\u0131ndan XII. Ulusal Mimarl\u0131k Sergisi ve \u00d6d\u00fclleri\u2019nde ile Se\u00e7ici Kurul \u00d6zel \u00d6d\u00fcl\u00fc\u2019ne lay\u0131k g\u00f6r\u00fclm\u00fc\u015ft\u00fcr.<\/p>\n<p>KABAO\u011eLU\u2019nun mimari tasar\u0131m, k\u00fclt\u00fcrel miras\u0131n korunmas\u0131 ve proje y\u00f6netimi alanlar\u0131nda s\u00fcrd\u00fcregeldi\u011fi mesleki \u00e7al\u0131\u015fmalar\u0131n\u0131n yan\u0131 s\u0131ra \u00fcniversite y\u00fcksek lisans ve doktora \u00f6\u011frencilerinin tez inceleme kurullar\u0131nda \u00fcyelik, Mimarlar Odas\u0131 Ulusal Mimarl\u0131k Sergisi ve \u00d6d\u00fclleri se\u00e7ici kurul \u00fcyeli\u011fi veya yurt i\u00e7i ve yurt d\u0131\u015f\u0131nda d\u00fczenlenen sempozyumlarda konu\u015fmac\u0131 olarak y\u00fcr\u00fctt\u00fc\u011f\u00fc akademik faaliyetleri de yer almaktad\u0131r.<\/p>\n<p>Sanat\u00e7\u0131 kimli\u011fi \u00e7er\u00e7evesinde yirmiden fazla ki\u015fisel ve karma resim sergisinde resim \u00e7al\u0131\u015fmalar\u0131 yer alan CENG\u0130Z KABAO\u011eLU, \u00e7e\u015fitli j\u00fcri \u00fcyeliklerinde bulunmu\u015f ve ge\u00e7mi\u015fte, aralar\u0131nda \u00f6d\u00fcl alanlar\u0131n da yer ald\u0131\u011f\u0131 grafik ve sahne tasar\u0131m \u00e7al\u0131\u015fmalar\u0131 da yapm\u0131\u015ft\u0131r.[\/vc_column_text][\/vc_column][\/vc_row]<\/p>\n<\/div>","protected":false},"excerpt":{"rendered":"<p>[vc_row][vc_column width=&#8221;1\/3&#8243;][vc_single_image image=&#8221;2609&#8243; img_size=&#8221;large&#8221;][\/vc_column][vc_column width=&#8221;2\/3&#8243;][vc_column_text]CENG\u0130Z KABAO\u011eLU Mimar 1953 y\u0131l\u0131nda Ankara\u2019da do\u011fan CENG\u0130Z KABAO\u011eLU, 1978 y\u0131l\u0131nda Orta Do\u011fu Teknik \u00dcniversitesi Mimarl\u0131k Fak\u00fcltesi\u2019nden mezun olmu\u015ftur. Mezuniyetini takip eden y\u0131llarda s\u0131ras\u0131yla; Orta Do\u011fu [&hellip;]<\/p>\n","protected":false},"author":2,"featured_media":2301,"parent":2616,"menu_order":0,"comment_status":"closed","ping_status":"closed","template":"","meta":{"_acf_changed":false,"_seopress_robots_primary_cat":"","_seopress_titles_title":"","_seopress_titles_desc":"","_seopress_robots_index":"","_price":"","_stock":"","_tribe_ticket_header":"","_tribe_default_ticket_provider":"","_tribe_ticket_capacity":"0","_ticket_start_date":"","_ticket_end_date":"","_tribe_ticket_show_description":"","_tribe_ticket_show_not_going":false,"_tribe_ticket_use_global_stock":"","_tribe_ticket_global_stock_level":"","_global_stock_mode":"","_global_stock_cap":"","_tribe_rsvp_for_event":"","_tribe_ticket_going_count":"","_tribe_ticket_not_going_count":"","_tribe_tickets_list":"[]","_tribe_ticket_has_attendee_info_fields":false,"_EventAllDay":false,"_EventTimezone":"","_EventStartDate":"","_EventEndDate":"","_EventStartDateUTC":"","_EventEndDateUTC":"","_EventShowMap":false,"_EventShowMapLink":false,"_EventURL":"","_EventCost":"","_EventCostDescription":"","_EventCurrencySymbol":"","_EventCurrencyCode":"","_EventCurrencyPosition":"","_EventDateTimeSeparator":"","_EventTimeRangeSeparator":"","_EventOrganizerID":[],"_EventVenueID":[],"_OrganizerEmail":"","_OrganizerPhone":"","_OrganizerWebsite":"","_VenueAddress":"","_VenueCity":"","_VenueCountry":"","_VenueProvince":"","_VenueState":"","_VenueZip":"","_VenuePhone":"","_VenueURL":"","_VenueStateProvince":"","_VenueLat":"","_VenueLng":"","_VenueShowMap":false,"_VenueShowMapLink":false,"footnotes":"","_tec_slr_enabled":"","_tec_slr_layout":""},"class_list":["post-2631","page","type-page","status-publish","has-post-thumbnail","hentry"],"acf":[],"ticketed":false,"_links":{"self":[{"href":"https:\/\/aura-istanbul.com\/index.php\/wp-json\/wp\/v2\/pages\/2631","targetHints":{"allow":["GET"]}}],"collection":[{"href":"https:\/\/aura-istanbul.com\/index.php\/wp-json\/wp\/v2\/pages"}],"about":[{"href":"https:\/\/aura-istanbul.com\/index.php\/wp-json\/wp\/v2\/types\/page"}],"author":[{"embeddable":true,"href":"https:\/\/aura-istanbul.com\/index.php\/wp-json\/wp\/v2\/users\/2"}],"replies":[{"embeddable":true,"href":"https:\/\/aura-istanbul.com\/index.php\/wp-json\/wp\/v2\/comments?post=2631"}],"version-history":[{"count":3,"href":"https:\/\/aura-istanbul.com\/index.php\/wp-json\/wp\/v2\/pages\/2631\/revisions"}],"predecessor-version":[{"id":2640,"href":"https:\/\/aura-istanbul.com\/index.php\/wp-json\/wp\/v2\/pages\/2631\/revisions\/2640"}],"up":[{"embeddable":true,"href":"https:\/\/aura-istanbul.com\/index.php\/wp-json\/wp\/v2\/pages\/2616"}],"wp:featuredmedia":[{"embeddable":true,"href":"https:\/\/aura-istanbul.com\/index.php\/wp-json\/wp\/v2\/media\/2301"}],"wp:attachment":[{"href":"https:\/\/aura-istanbul.com\/index.php\/wp-json\/wp\/v2\/media?parent=2631"}],"curies":[{"name":"wp","href":"https:\/\/api.w.org\/{rel}","templated":true}]}}