{"id":2636,"date":"2017-06-30T16:46:37","date_gmt":"2017-06-30T13:46:37","guid":{"rendered":"https:\/\/aura-istanbul.com\/?page_id=2636"},"modified":"2017-06-30T16:46:37","modified_gmt":"2017-06-30T13:46:37","slug":"nezih-basgelen","status":"publish","type":"page","link":"https:\/\/aura-istanbul.com\/index.php\/aura-yaz-akademisi-2017\/egitim\/nezih-basgelen\/","title":{"rendered":"Nezih Ba\u015fgelen"},"content":{"rendered":"<div class=\"wpb-content-wrapper\"><p>[vc_row][vc_column width=&#8221;1\/3&#8243;][vc_single_image image=&#8221;2613&#8243; img_size=&#8221;large&#8221;][\/vc_column][vc_column width=&#8221;2\/3&#8243;][vc_column_text]<strong>NEZ\u0130H BA\u015eGELEN<br \/>\n<\/strong><em>Arkeolog \/ Edit\u00f6r<\/em><\/p>\n<p>1958 y\u0131l\u0131nda \u0130stanbul\u2019da do\u011fdu. 1978\u2019de, g\u00fcn\u00fcm\u00fczde halen yay\u0131n hayat\u0131na devam eden Arkeoloji ve Sanat Dergisi\u2019ni \u00e7\u0131kard\u0131 1982\u2019de kurdu\u011fu Arkeoloji ve Sanat Yay\u0131nlar\u0131, \u00dclkemizin zengin tarihi eserleri, eski uygarl\u0131klar\u0131 hakk\u0131nda ara\u015ft\u0131rma, inceleme, el kitaplar\u0131, kataloglar, gezi rehberleri gibi 21 temel dizi \u00fczerinden 800\u2019e yak\u0131n ba\u015fvuru eserinin yay\u0131m\u0131n\u0131 ger\u00e7ekle\u015ftirmi\u015ftir.<\/p>\n<p>1986\u2019da T\u00fcrkiye\u2019nin tarihi do\u011fal ve turistik de\u011ferlerine d\u00f6n\u00fck hizmet veren g\u00f6rsel dok\u00fcman ar\u015fivini (Celsus Picture Library) olu\u015fturdu. \u00dclkemizin zengin arkeolojik potansiyelini foto\u011fraflarla belgeledi. Bu konuda sayg\u0131n bir ba\u015fvuru kayna\u011f\u0131 olu\u015fturdu. T\u00fcrkiye ile ilgili eski seyahatname, resim, belge, kitap ve haritalar\u0131 toplad\u0131. Yabanc\u0131 \u00fclke m\u00fczelerindeki ve ar\u015fivlerindeki T\u00fcrkiye\u2019den giden eserleri belgelemeye \u00e7al\u0131\u015ft\u0131. \u00c7ocuklara y\u00f6nelik tarihi eserleri ve eski uygarl\u0131klar\u0131 sevdirmeyi ama\u00e7layan e\u011fitici boyama kitaplar\u0131 projesini ba\u015flatt\u0131.<\/p>\n<p>Arkeoloji, sanat tarihi, etnografya, turizm, tarihi ve do\u011fal \u00e7evrelerin korunmas\u0131 hakk\u0131nda yay\u0131nlanm\u0131\u015f bine yak\u0131n \u00e7al\u0131\u015fmas\u0131 vard\u0131r.[\/vc_column_text][\/vc_column][\/vc_row]<\/p>\n<\/div>","protected":false},"excerpt":{"rendered":"<p>[vc_row][vc_column width=&#8221;1\/3&#8243;][vc_single_image image=&#8221;2613&#8243; img_size=&#8221;large&#8221;][\/vc_column][vc_column width=&#8221;2\/3&#8243;][vc_column_text]NEZ\u0130H BA\u015eGELEN Arkeolog \/ Edit\u00f6r 1958 y\u0131l\u0131nda \u0130stanbul\u2019da do\u011fdu. 1978\u2019de, g\u00fcn\u00fcm\u00fczde halen yay\u0131n hayat\u0131na devam eden Arkeoloji ve Sanat Dergisi\u2019ni \u00e7\u0131kard\u0131 1982\u2019de kurdu\u011fu Arkeoloji ve Sanat [&hellip;]<\/p>\n","protected":false},"author":2,"featured_media":2301,"parent":2616,"menu_order":0,"comment_status":"closed","ping_status":"closed","template":"","meta":{"_acf_changed":false,"_seopress_robots_primary_cat":"","_seopress_titles_title":"","_seopress_titles_desc":"","_seopress_robots_index":"","_price":"","_stock":"","_tribe_ticket_header":"","_tribe_default_ticket_provider":"","_tribe_ticket_capacity":"0","_ticket_start_date":"","_ticket_end_date":"","_tribe_ticket_show_description":"","_tribe_ticket_show_not_going":false,"_tribe_ticket_use_global_stock":"","_tribe_ticket_global_stock_level":"","_global_stock_mode":"","_global_stock_cap":"","_tribe_rsvp_for_event":"","_tribe_ticket_going_count":"","_tribe_ticket_not_going_count":"","_tribe_tickets_list":"[]","_tribe_ticket_has_attendee_info_fields":false,"_EventAllDay":false,"_EventTimezone":"","_EventStartDate":"","_EventEndDate":"","_EventStartDateUTC":"","_EventEndDateUTC":"","_EventShowMap":false,"_EventShowMapLink":false,"_EventURL":"","_EventCost":"","_EventCostDescription":"","_EventCurrencySymbol":"","_EventCurrencyCode":"","_EventCurrencyPosition":"","_EventDateTimeSeparator":"","_EventTimeRangeSeparator":"","_EventOrganizerID":[],"_EventVenueID":[],"_OrganizerEmail":"","_OrganizerPhone":"","_OrganizerWebsite":"","_VenueAddress":"","_VenueCity":"","_VenueCountry":"","_VenueProvince":"","_VenueState":"","_VenueZip":"","_VenuePhone":"","_VenueURL":"","_VenueStateProvince":"","_VenueLat":"","_VenueLng":"","_VenueShowMap":false,"_VenueShowMapLink":false,"footnotes":"","_tec_slr_enabled":"","_tec_slr_layout":""},"class_list":["post-2636","page","type-page","status-publish","has-post-thumbnail","hentry"],"acf":[],"ticketed":false,"_links":{"self":[{"href":"https:\/\/aura-istanbul.com\/index.php\/wp-json\/wp\/v2\/pages\/2636","targetHints":{"allow":["GET"]}}],"collection":[{"href":"https:\/\/aura-istanbul.com\/index.php\/wp-json\/wp\/v2\/pages"}],"about":[{"href":"https:\/\/aura-istanbul.com\/index.php\/wp-json\/wp\/v2\/types\/page"}],"author":[{"embeddable":true,"href":"https:\/\/aura-istanbul.com\/index.php\/wp-json\/wp\/v2\/users\/2"}],"replies":[{"embeddable":true,"href":"https:\/\/aura-istanbul.com\/index.php\/wp-json\/wp\/v2\/comments?post=2636"}],"version-history":[{"count":2,"href":"https:\/\/aura-istanbul.com\/index.php\/wp-json\/wp\/v2\/pages\/2636\/revisions"}],"predecessor-version":[{"id":2642,"href":"https:\/\/aura-istanbul.com\/index.php\/wp-json\/wp\/v2\/pages\/2636\/revisions\/2642"}],"up":[{"embeddable":true,"href":"https:\/\/aura-istanbul.com\/index.php\/wp-json\/wp\/v2\/pages\/2616"}],"wp:featuredmedia":[{"embeddable":true,"href":"https:\/\/aura-istanbul.com\/index.php\/wp-json\/wp\/v2\/media\/2301"}],"wp:attachment":[{"href":"https:\/\/aura-istanbul.com\/index.php\/wp-json\/wp\/v2\/media?parent=2636"}],"curies":[{"name":"wp","href":"https:\/\/api.w.org\/{rel}","templated":true}]}}