{"id":2638,"date":"2017-06-30T16:47:27","date_gmt":"2017-06-30T13:47:27","guid":{"rendered":"https:\/\/aura-istanbul.com\/?page_id=2638"},"modified":"2017-06-30T16:47:27","modified_gmt":"2017-06-30T13:47:27","slug":"aysegul-gungoren","status":"publish","type":"page","link":"https:\/\/aura-istanbul.com\/index.php\/aura-yaz-akademisi-2017\/egitim\/aysegul-gungoren\/","title":{"rendered":"Ay\u015feg\u00fcl G\u00fcng\u00f6ren"},"content":{"rendered":"<div class=\"wpb-content-wrapper\"><p>[vc_row][vc_column width=&#8221;1\/3&#8243;][vc_single_image image=&#8221;2618&#8243; img_size=&#8221;large&#8221;][\/vc_column][vc_column width=&#8221;2\/3&#8243;][vc_column_text]<span style=\"color: #000000;\"><strong>AY\u015eEG\u00dcL G\u00dcNG\u00d6REN<\/strong><em><strong><br \/>\n<\/strong><\/em><em>Sanat Tarih\u00e7isi<\/em><\/span><\/p>\n<p><span style=\"color: #000000;\">Hacettepe \u00dcniversitesi Edebiyat Fak\u00fcltesi Arkeoloji ve Sanat Tarihi B\u00f6l\u00fcm\u00fcnden mezun oldu. Ayn\u0131 \u00fcniversitenin Sanat Tarihi Anabilim Dal\u0131nda Y\u00fcksek Lisans yapt\u0131, uzmanl\u0131\u011f\u0131n\u0131 ald\u0131. Smyrna (Bayrakl\u0131 H\u00f6y\u00fc\u011f\u00fc) ve Myra Aziz Nikolaos Kilisesi(Demre) Kaz\u0131lar\u0131nda \u00e7al\u0131\u015ft\u0131. <\/span><\/p>\n<p><span style=\"color: #000000;\">Ege Yat Servisi (Aegean Yatch Services) \u00a0Mavi Tur programlar\u0131nda tarihi doku ve \u00f6ren yerleri rehberli\u011fi yapt\u0131<\/span><\/p>\n<p><span style=\"color: #000000;\">9 Eyl\u00fcl \u0130zmir\u2019in Kurtulu\u015fu, 29 Ekim Cumhuriyet Bayram\u0131, 30 A\u011fustos Zafer Bayram\u0131, 23 Nisan Ulusal Egemenlik ve \u00c7ocuk Bayram\u0131, 19 May\u0131s Atat\u00fcrk\u2019\u00fc Anma, Gen\u00e7lik ve Spor Bayram\u0131 Etkinlikleri 2004- 2005\u20132006-2007 \u0130zmir B\u00fcy\u00fck\u015fehir Belediyesi temsilcisi olarak Organizasyon Komitesi \u00dcyeli\u011fi yapt\u0131.<\/span><\/p>\n<p><span style=\"color: #000000;\">\u015eu anda \u0130zmir B\u00fcy\u00fck\u015fehir Belediyesi Tarihsel \u00c7evre K\u00fclt\u00fcr Varl\u0131klar\u0131 M\u00fcd\u00fcrl\u00fc\u011f\u00fcnde proje dan\u0131\u015fmanl\u0131\u011f\u0131 stat\u00fcs\u00fcnde uzman sanat tarih\u00e7isi olarak \u00e7al\u0131\u015f\u0131yor. \u00a0<\/span><\/p>\n<p><span style=\"color: #000000;\">\u0130BB Tarihe Sayg\u0131 Yerel Koruma \u00d6d\u00fclleri koordinasyonunu ve raport\u00f6rl\u00fcl\u00fc\u011f\u00fcn\u00fc ger\u00e7ekle\u015ftiriyor. <\/span><\/p>\n<p><span style=\"color: #000000;\">Ayr\u0131ca 18.yy\u201320.yy Ege B\u00f6lgesi konut, sivil mimari ve ayn\u0131 b\u00f6lgedeki end\u00fcstri miras\u0131 konular\u0131nda sanat tarihi disiplini \u00fczerine dan\u0131\u015fmanl\u0131k yap\u0131yor.<\/span><\/p>\n<p><span style=\"color: #000000;\"><strong><u>Kitap Edit\u00f6rl\u00fckleri<\/u><\/strong><\/span><\/p>\n<p><span style=\"color: #000000;\">Protokoldeyim, Belediye Ba\u015fkanlar\u0131 \u0130\u00e7in Protokol Bilgileri, M\u0130ARGED-Mahalli \u0130dareler\u00a0 Ara\u015ft\u0131rma Geli\u015ftirme Derne\u011fi) 2010<\/span><\/p>\n<p><span style=\"color: #000000;\">\u0130zmir B\u00fcy\u00fck\u015fehir Belediyesi Tarihe Sayg\u0131 Yerel Koruma \u00d6d\u00fclleri 2003\u20132007 Katalog Kitap<br \/>\n\u00d6d\u00fcl Alan Eserlere ili\u015fkin ki\u015filerle S\u00f6yle\u015filer<\/span><\/p>\n<p><span style=\"color: #000000;\">\u0130zmir B\u00fcy\u00fck\u015fehir Belediyesi Tarihe Sayg\u0131 Yerel Koruma \u00d6d\u00fclleri 2008\u20132012 Katalog Kitap \u00a0<\/span><\/p>\n<p><span style=\"color: #000000;\">S\u00f6ke Belediyesi S\u00f6ke\u2019de 10 y\u0131l, 2014<\/span><\/p>\n<p><span style=\"color: #000000;\"><strong><u>Yay\u0131nlar<\/u><\/strong><\/span><\/p>\n<p><span style=\"color: #000000;\">\u201cOyun ve Oyunca\u011f\u0131n \u00d6yk\u00fcs\u00fc\u201d Kilitta\u015f\u0131 \u00c7ek\u00fcl Vakf\u0131 K\u00fclt\u00fcrel Miras E\u011fitim Program\u0131 Dergisi 2010 Say\u0131 3<\/span><\/p>\n<p><span style=\"color: #000000;\">\u201cHomeros\u2019a Yolculuk\u201d Airport Travel Friend, Homeros \u00d6zel Say\u0131s\u0131, Aral\u0131k 2009<\/span><\/p>\n<p><span style=\"color: #000000;\">\u201c\u0130zmir Karabel Ge\u00e7iti, Hitit Kaya An\u0131t\u0131\u201d Airport Travel Friend, Haziran 2010<\/span><\/p>\n<p><span style=\"color: #000000;\"><strong><u>Sunumlar ve K\u00fclt\u00fcrel Etkinlikler<\/u><\/strong><\/span><\/p>\n<p><span style=\"color: #000000;\">\u201cAntik\u00a0 \u015eiirler \u0130zle\u011finde \u0130zmir\u201d, B\u00f6rkl\u00fcce \u015eiir Festivali Eyl\u00fcl 2014 \/ \u00d6zel T\u00fcrk \u00a0Koleji \u201c\u0130zmirli Olmak\u201d Etkinli\u011fi Mart 2015<\/span><\/p>\n<p><span style=\"color: #000000;\">\u201c\u0130nsanl\u0131k Tarihine Yolculuk ve Symrna\u201d, 2007-2015 y\u0131llar\u0131 aras\u0131 \u00fcniversite, orta \u00f6\u011fretim\u00a0\u00f6\u011frencilerine yakla\u015f\u0131k 150 seminer<\/span><\/p>\n<p><span style=\"color: #000000;\">\u00c7ek\u00fcl Kentler \u00c7ocuklar\u0131nd\u0131r Etkinlikleri \u0130zmir Arkeoloji E\u011fitmenli\u011fi (2008\u2019den g\u00fcn\u00fcm\u00fcze)<\/span><\/p>\n<p><span style=\"color: #000000;\">Basmane G\u00fcnleri 2014 D\u00fcnden Bug\u00fcne Basmane Sergisi,(Foto\u011fraflar Mehmet Yasa, Metinler ve \u015fiir Ay\u015feg\u00fcl G\u00fcng\u00f6ren)<\/span><\/p>\n<p><span style=\"color: #000000;\"><strong><u>K\u00fcrat\u00f6rl\u00fckler<\/u><\/strong><\/span><\/p>\n<p><span style=\"color: #000000;\">Ayd\u0131n \u0130li S\u00f6ke \u0130l\u00e7esi ,Kemalpa\u015fa Mahallesi, Ahmet Hilali Uzbek Obje Sergisi<\/span><\/p>\n<p><span style=\"color: #000000;\"><strong><u>Sosyal Etkinlikler<\/u><\/strong><\/span><\/p>\n<p><span style=\"color: #000000;\">Konak Kent Konseyi Y\u00fcr\u00fctme Kurulu \u00dcyeli\u011fi (2014-2015)<\/span><\/p>\n<p><span style=\"color: #000000;\">\u00c7ek\u00fcl G\u00f6n\u00fcll\u00fcs\u00fc<\/span><\/p>\n<p><span style=\"color: #000000;\">Giri\u015fimci Engelliler \u0130\u015fletme Kooperatifi Kurucu \u00dcyeli\u011fi<\/span><\/p>\n<p><span style=\"color: #000000;\"><strong><u>Duvar Resim Etkinlikleri<\/u><\/strong><\/span><\/p>\n<p><span style=\"color: #000000;\">Ege \u00dcniversitesi, \u0130ktisadi \u0130dari Bilimler Akademisi Poseidon Duvar Resmi (6 m2 akrilik)<\/span><\/p>\n<p><span style=\"color: #000000;\">Turgutlu Belediyesi Kent Ar\u015fivi ve M\u00fczesi \u201cMustafa Kemal Atat\u00fcrk\u2019\u00fcn Turgutlu\u2019yu Ziyareti\u201d Konulu Duvar Resmi\u00a0 (28 m2 akrilik)<\/span><\/p>\n<p><span style=\"color: #000000;\"><strong><u>Hobiler<\/u><\/strong><\/span><\/p>\n<p><span style=\"color: #000000;\">Resim, \u015eiir, M\u00fczik ve film kolleksiyonerli\u011fi<\/span><\/p>\n<p><span style=\"color: #000000;\"><strong><u>\u0130leti\u015fim<\/u><\/strong><\/span><\/p>\n<p><span style=\"color: #000000;\"><a style=\"color: #000000;\" href=\"https:\/\/aysegulgungoren.wordpress.com\/\">https:\/\/<strong>aysegulgungoren<\/strong>.wordpress.com<\/a><\/span>[\/vc_column_text][\/vc_column][\/vc_row]<\/p>\n<\/div>","protected":false},"excerpt":{"rendered":"<p>[vc_row][vc_column width=&#8221;1\/3&#8243;][vc_single_image image=&#8221;2618&#8243; img_size=&#8221;large&#8221;][\/vc_column][vc_column width=&#8221;2\/3&#8243;][vc_column_text]AY\u015eEG\u00dcL G\u00dcNG\u00d6REN Sanat Tarih\u00e7isi Hacettepe \u00dcniversitesi Edebiyat Fak\u00fcltesi Arkeoloji ve Sanat Tarihi B\u00f6l\u00fcm\u00fcnden mezun oldu. Ayn\u0131 \u00fcniversitenin Sanat Tarihi Anabilim Dal\u0131nda Y\u00fcksek Lisans yapt\u0131, uzmanl\u0131\u011f\u0131n\u0131 ald\u0131. [&hellip;]<\/p>\n","protected":false},"author":2,"featured_media":2301,"parent":2616,"menu_order":0,"comment_status":"closed","ping_status":"closed","template":"","meta":{"_acf_changed":false,"_seopress_robots_primary_cat":"","_seopress_titles_title":"","_seopress_titles_desc":"","_seopress_robots_index":"","_price":"","_stock":"","_tribe_ticket_header":"","_tribe_default_ticket_provider":"","_tribe_ticket_capacity":"0","_ticket_start_date":"","_ticket_end_date":"","_tribe_ticket_show_description":"","_tribe_ticket_show_not_going":false,"_tribe_ticket_use_global_stock":"","_tribe_ticket_global_stock_level":"","_global_stock_mode":"","_global_stock_cap":"","_tribe_rsvp_for_event":"","_tribe_ticket_going_count":"","_tribe_ticket_not_going_count":"","_tribe_tickets_list":"[]","_tribe_ticket_has_attendee_info_fields":false,"_EventAllDay":false,"_EventTimezone":"","_EventStartDate":"","_EventEndDate":"","_EventStartDateUTC":"","_EventEndDateUTC":"","_EventShowMap":false,"_EventShowMapLink":false,"_EventURL":"","_EventCost":"","_EventCostDescription":"","_EventCurrencySymbol":"","_EventCurrencyCode":"","_EventCurrencyPosition":"","_EventDateTimeSeparator":"","_EventTimeRangeSeparator":"","_EventOrganizerID":[],"_EventVenueID":[],"_OrganizerEmail":"","_OrganizerPhone":"","_OrganizerWebsite":"","_VenueAddress":"","_VenueCity":"","_VenueCountry":"","_VenueProvince":"","_VenueState":"","_VenueZip":"","_VenuePhone":"","_VenueURL":"","_VenueStateProvince":"","_VenueLat":"","_VenueLng":"","_VenueShowMap":false,"_VenueShowMapLink":false,"footnotes":"","_tec_slr_enabled":"","_tec_slr_layout":""},"class_list":["post-2638","page","type-page","status-publish","has-post-thumbnail","hentry"],"acf":[],"ticketed":false,"_links":{"self":[{"href":"https:\/\/aura-istanbul.com\/index.php\/wp-json\/wp\/v2\/pages\/2638","targetHints":{"allow":["GET"]}}],"collection":[{"href":"https:\/\/aura-istanbul.com\/index.php\/wp-json\/wp\/v2\/pages"}],"about":[{"href":"https:\/\/aura-istanbul.com\/index.php\/wp-json\/wp\/v2\/types\/page"}],"author":[{"embeddable":true,"href":"https:\/\/aura-istanbul.com\/index.php\/wp-json\/wp\/v2\/users\/2"}],"replies":[{"embeddable":true,"href":"https:\/\/aura-istanbul.com\/index.php\/wp-json\/wp\/v2\/comments?post=2638"}],"version-history":[{"count":5,"href":"https:\/\/aura-istanbul.com\/index.php\/wp-json\/wp\/v2\/pages\/2638\/revisions"}],"predecessor-version":[{"id":2649,"href":"https:\/\/aura-istanbul.com\/index.php\/wp-json\/wp\/v2\/pages\/2638\/revisions\/2649"}],"up":[{"embeddable":true,"href":"https:\/\/aura-istanbul.com\/index.php\/wp-json\/wp\/v2\/pages\/2616"}],"wp:featuredmedia":[{"embeddable":true,"href":"https:\/\/aura-istanbul.com\/index.php\/wp-json\/wp\/v2\/media\/2301"}],"wp:attachment":[{"href":"https:\/\/aura-istanbul.com\/index.php\/wp-json\/wp\/v2\/media?parent=2638"}],"curies":[{"name":"wp","href":"https:\/\/api.w.org\/{rel}","templated":true}]}}