{"id":2650,"date":"2017-06-30T16:48:34","date_gmt":"2017-06-30T13:48:34","guid":{"rendered":"https:\/\/aura-istanbul.com\/?page_id=2650"},"modified":"2017-07-03T09:52:32","modified_gmt":"2017-07-03T06:52:32","slug":"necmi-karul","status":"publish","type":"page","link":"https:\/\/aura-istanbul.com\/index.php\/aura-yaz-akademisi-2017\/egitim\/necmi-karul\/","title":{"rendered":"Necmi Karul"},"content":{"rendered":"<div class=\"wpb-content-wrapper\"><p>[vc_row][vc_column width=&#8221;1\/3&#8243;][vc_single_image image=&#8221;2612&#8243; img_size=&#8221;large&#8221;][\/vc_column][vc_column width=&#8221;2\/3&#8243;][vc_column_text]<\/p>\n<p style=\"text-align: left;\"><strong>NECM\u0130 KARUL<\/strong><br \/>\n<em>Arkeolog<\/em><\/p>\n<p>\u0130stanbul \u00dcniversitesi Prehistorya Anabilim Dal\u0131\u2019nda lisan ve y\u00fcksek lisans\u0131n\u0131 tamamlayan Karul, DAAD bursu ile doktoras\u0131n\u0131 2000 y\u0131l\u0131nda Berlin Frei Universit\u00e4t\u2019de tamamlad\u0131. Doktoran\u0131n ard\u0131ndan Atlas Dergisi arkeoloji edit\u00f6rl\u00fc\u011f\u00fc yapan Karul 2002 y\u0131l\u0131nda Prehistorya Anabilim Dal\u0131\u2019nda asistan olarak g\u00f6reve ba\u015flad\u0131; 2006 y\u0131l\u0131nda do\u00e7ent unvan\u0131 ald\u0131. 2005 y\u0131l\u0131nda Harvard \u00dcniversitesi\u2019nde ara\u015ft\u0131rma bursu alan Karul, 2009-2012 y\u0131llar\u0131 aras\u0131nda T\u00fcrkiye Bilimler Akademisi Arkeoloji Dergisi (T\u00dcBA-AR) Edit\u00f6rler Kurulu \u00fcyeli\u011fi yapt\u0131. 2013-2016 y\u0131llar\u0131 aras\u0131nda EJA (Journal of European Archaeology) Dergisi, ve 2014 y\u0131l\u0131ndan bu yana T\u00fcrk Eski\u00e7a\u011f Bilimleri Enstit\u00fcs\u00fc Colloquium Anatolicum ve Studia Prrehistorica Dergisi \u00a0Edit\u00f6rler Kurulu \u00fcyeliklerini ile Magma Dergisi arkeoloji edit\u00f6rl\u00fc\u011f\u00fcn\u00fc s\u00fcrd\u00fcren Karul ayn\u0131 zamanda Alman Arkeoloji Enstit\u00fcs\u00fc, Avusturya Arkeoloji Enstit\u00fcs\u00fc ve T\u00fcrk Eski\u00e7a\u011f Enstit\u00fclerinin muhabir \u00fcyesi. Karul 2007-2015 y\u0131llar\u0131 aras\u0131nda Arkeologlar Derne\u011fi \u0130stanbul \u015eubesi\u2019nin ba\u015fkanl\u0131\u011f\u0131n\u0131 yapt\u0131. Karul, 2004 y\u0131l\u0131ndan itibaren Bursa Aktoprakl\u0131k H\u00f6y\u00fck kaz\u0131 ba\u015fkanl\u0131\u011f\u0131 ve 2010 y\u0131l\u0131nda ba\u015flayan Siirt Gusir H\u00f6y\u00fck kaz\u0131lar\u0131n\u0131n bilimsel dan\u0131\u015fmanl\u0131\u011f\u0131n\u0131 y\u00fcr\u00fctmektedir.[\/vc_column_text][\/vc_column][\/vc_row]<\/p>\n<\/div>","protected":false},"excerpt":{"rendered":"<p>[vc_row][vc_column width=&#8221;1\/3&#8243;][vc_single_image image=&#8221;2612&#8243; img_size=&#8221;large&#8221;][\/vc_column][vc_column width=&#8221;2\/3&#8243;][vc_column_text] NECM\u0130 KARUL Arkeolog \u0130stanbul \u00dcniversitesi Prehistorya Anabilim Dal\u0131\u2019nda lisan ve y\u00fcksek lisans\u0131n\u0131 tamamlayan Karul, DAAD bursu ile doktoras\u0131n\u0131 2000 y\u0131l\u0131nda Berlin Frei Universit\u00e4t\u2019de tamamlad\u0131. Doktoran\u0131n [&hellip;]<\/p>\n","protected":false},"author":2,"featured_media":2301,"parent":2616,"menu_order":0,"comment_status":"closed","ping_status":"closed","template":"","meta":{"_acf_changed":false,"_seopress_robots_primary_cat":"","_seopress_titles_title":"","_seopress_titles_desc":"","_seopress_robots_index":"","_price":"","_stock":"","_tribe_ticket_header":"","_tribe_default_ticket_provider":"","_tribe_ticket_capacity":"0","_ticket_start_date":"","_ticket_end_date":"","_tribe_ticket_show_description":"","_tribe_ticket_show_not_going":false,"_tribe_ticket_use_global_stock":"","_tribe_ticket_global_stock_level":"","_global_stock_mode":"","_global_stock_cap":"","_tribe_rsvp_for_event":"","_tribe_ticket_going_count":"","_tribe_ticket_not_going_count":"","_tribe_tickets_list":"[]","_tribe_ticket_has_attendee_info_fields":false,"_EventAllDay":false,"_EventTimezone":"","_EventStartDate":"","_EventEndDate":"","_EventStartDateUTC":"","_EventEndDateUTC":"","_EventShowMap":false,"_EventShowMapLink":false,"_EventURL":"","_EventCost":"","_EventCostDescription":"","_EventCurrencySymbol":"","_EventCurrencyCode":"","_EventCurrencyPosition":"","_EventDateTimeSeparator":"","_EventTimeRangeSeparator":"","_EventOrganizerID":[],"_EventVenueID":[],"_OrganizerEmail":"","_OrganizerPhone":"","_OrganizerWebsite":"","_VenueAddress":"","_VenueCity":"","_VenueCountry":"","_VenueProvince":"","_VenueState":"","_VenueZip":"","_VenuePhone":"","_VenueURL":"","_VenueStateProvince":"","_VenueLat":"","_VenueLng":"","_VenueShowMap":false,"_VenueShowMapLink":false,"footnotes":"","_tec_slr_enabled":"","_tec_slr_layout":""},"class_list":["post-2650","page","type-page","status-publish","has-post-thumbnail","hentry"],"acf":[],"ticketed":false,"_links":{"self":[{"href":"https:\/\/aura-istanbul.com\/index.php\/wp-json\/wp\/v2\/pages\/2650","targetHints":{"allow":["GET"]}}],"collection":[{"href":"https:\/\/aura-istanbul.com\/index.php\/wp-json\/wp\/v2\/pages"}],"about":[{"href":"https:\/\/aura-istanbul.com\/index.php\/wp-json\/wp\/v2\/types\/page"}],"author":[{"embeddable":true,"href":"https:\/\/aura-istanbul.com\/index.php\/wp-json\/wp\/v2\/users\/2"}],"replies":[{"embeddable":true,"href":"https:\/\/aura-istanbul.com\/index.php\/wp-json\/wp\/v2\/comments?post=2650"}],"version-history":[{"count":3,"href":"https:\/\/aura-istanbul.com\/index.php\/wp-json\/wp\/v2\/pages\/2650\/revisions"}],"predecessor-version":[{"id":2672,"href":"https:\/\/aura-istanbul.com\/index.php\/wp-json\/wp\/v2\/pages\/2650\/revisions\/2672"}],"up":[{"embeddable":true,"href":"https:\/\/aura-istanbul.com\/index.php\/wp-json\/wp\/v2\/pages\/2616"}],"wp:featuredmedia":[{"embeddable":true,"href":"https:\/\/aura-istanbul.com\/index.php\/wp-json\/wp\/v2\/media\/2301"}],"wp:attachment":[{"href":"https:\/\/aura-istanbul.com\/index.php\/wp-json\/wp\/v2\/media?parent=2650"}],"curies":[{"name":"wp","href":"https:\/\/api.w.org\/{rel}","templated":true}]}}