{"id":9961,"date":"2022-02-16T13:55:18","date_gmt":"2022-02-16T10:55:18","guid":{"rendered":"https:\/\/aura-istanbul.com\/?page_id=9961"},"modified":"2025-09-23T20:45:09","modified_gmt":"2025-09-23T17:45:09","slug":"aura-alumni-cankat-seyret","status":"publish","type":"page","link":"https:\/\/aura-istanbul.com\/index.php\/aura-alumni-cankat-seyret\/","title":{"rendered":"AURA Alumni: Cankat Seyret"},"content":{"rendered":"<div class=\"wpb-content-wrapper\"><p>[vc_section][vc_row][vc_column width=&#8221;1\/6&#8243;][vc_single_image image=&#8221;9962&#8243; img_size=&#8221;large&#8221; alignment=&#8221;center&#8221;][vc_empty_space][vc_column_text]<strong>Cankat Seyret<\/strong>[\/vc_column_text][vc_empty_space height=&#8221;16px&#8221;][vc_column_text]Mimar<br \/>\n\u0130zmir Ekonomi \u00dcniversitesi<\/p>\n<p>G\u00fcz 2021<br \/>\nDan\u0131\u015fman: Tuna Han Ko\u00e7 &#8211; Zeynep Alt\u0131nba\u015fl\u0131[\/vc_column_text][vc_empty_space][\/vc_column][vc_column width=&#8221;2\/3&#8243;][vc_column_text]<\/p>\n<p class=\"BasicParagraphA4\"><strong>Fikirsel \u00dcretim Mekanlar\u0131nda D\u00fcn-Bug\u00fcn-Yar\u0131n<\/strong><\/p>\n<p>[\/vc_column_text][vc_column_text]Fikirsel \u00fcretim s\u00fcre\u00e7leri bir kentin sosyok\u00fclt\u00fcrel seviyesini belirleyen en \u00f6nemli etmenlerden biridir. Kentin i\u00e7inde var olan \u00fcretici entellekt\u00fcellerin, \u00fcretim kalitelerini etkileyen fakt\u00f6rlerden kente ait pek \u00e7ok madde say\u0131labilse de, entellekt\u00fcel \u00fcretkenlerin de bulunduklar\u0131 kenti ihya edebilecekleri \u00e7\u0131kt\u0131lar sunmalar\u0131 ve olumlu bir y\u00f6nelim sa\u011flamalar\u0131 kentin refah d\u00fczeyi i\u00e7in katk\u0131 sa\u011flar. Constant\u2019\u0131n Yeni Babil\u2019de s\u00f6yledi\u011fi gibi, mekan\u0131n deneyimi olu\u015fturmas\u0131ndansa, deneyimin kendine uygun mekan\u0131 tasarlamas\u0131, yap\u0131lacak olan eylemin deneyim kalitesini optimum d\u00fczeye \u00e7ekebilir.<\/p>\n<p>G\u00fcn\u00fcm\u00fczde yapay zekan\u0131n pek \u00e7ok profesyonelin yerine ge\u00e7mi\u015f, kapitalizm ve finansal bask\u0131n\u0131n pek \u00e7ok \u00fcretken bireyi demoralize etmi\u015ftir. Bu sebeple fikirsel \u00fcretim deneyimini \u00f6zg\u00fcrle\u015ftiremedi\u011fimiz bir durum s\u00f6z konusudur. Deneyimin t\u00fcm \u00e7evresel fakt\u00f6rlerden ar\u0131nd\u0131\u011f\u0131, safla\u015ft\u0131\u011f\u0131 ve \u00f6zg\u00fcrle\u015fti\u011fi senaryolar ile ideal bir kent \u00fctopyas\u0131 aran\u0131rken, ba\u015fka a\u00e7\u0131lardan distopya temelleri at\u0131l\u0131r.<br \/>\nAra\u015ft\u0131rma s\u00fcresince kent metabolizmas\u0131n\u0131; kentlere y\u00fczy\u0131llard\u0131r \u015fekil veren, \u00fcretim, para gibi kavramlar\u0131n sorgulamas\u0131 yap\u0131lm\u0131\u015ft\u0131r. Bu kavramlar\u0131n nas\u0131l d\u00f6n\u00fc\u015ft\u00fc\u011f\u00fcn\u00fc, d\u00fcn ne olduklar\u0131n\u0131, bug\u00fcn ne olmakta olduklar\u0131n\u0131 incelerken, yar\u0131n ne olacaklar\u0131n\u0131 sezinlemeye \u00e7al\u0131\u015f\u0131lm\u0131\u015ft\u0131r.[\/vc_column_text][vc_empty_space][vc_gallery interval=&#8221;10&#8243; images=&#8221;9964,9965,9966,9967,9968&#8243; img_size=&#8221;full&#8221;][\/vc_column][vc_column width=&#8221;1\/6&#8243;][vc_single_image image=&#8221;9963&#8243; img_size=&#8221;full&#8221; alignment=&#8221;center&#8221; style=&#8221;vc_box_border&#8221; onclick=&#8221;custom_link&#8221; img_link_target=&#8221;_blank&#8221;][vc_empty_space height=&#8221;16px&#8221;][vc_row_inner][vc_column_inner][\/vc_column_inner][\/vc_row_inner][vc_row_inner][vc_column_inner width=&#8221;2\/3&#8243;][\/vc_column_inner][vc_column_inner width=&#8221;1\/3&#8243;][\/vc_column_inner][\/vc_row_inner][\/vc_column][\/vc_row][\/vc_section]<\/p>\n<\/div>","protected":false},"excerpt":{"rendered":"<p>[vc_section][vc_row][vc_column width=&#8221;1\/6&#8243;][vc_single_image image=&#8221;9962&#8243; img_size=&#8221;large&#8221; alignment=&#8221;center&#8221;][vc_empty_space][vc_column_text]Cankat Seyret[\/vc_column_text][vc_empty_space height=&#8221;16px&#8221;][vc_column_text]Mimar \u0130zmir Ekonomi \u00dcniversitesi G\u00fcz 2021 Dan\u0131\u015fman: Tuna Han Ko\u00e7 &#8211; Zeynep Alt\u0131nba\u015fl\u0131[\/vc_column_text][vc_empty_space][\/vc_column][vc_column width=&#8221;2\/3&#8243;][vc_column_text] Fikirsel \u00dcretim Mekanlar\u0131nda D\u00fcn-Bug\u00fcn-Yar\u0131n [\/vc_column_text][vc_column_text]Fikirsel \u00fcretim s\u00fcre\u00e7leri bir kentin sosyok\u00fclt\u00fcrel [&hellip;]<\/p>\n","protected":false},"author":7,"featured_media":0,"parent":0,"menu_order":0,"comment_status":"closed","ping_status":"closed","template":"","meta":{"_acf_changed":false,"_seopress_robots_primary_cat":"","_seopress_titles_title":"Fikirsel \u00dcretim Mekanlar\u0131nda D\u00fcn-Bug\u00fcn-Yar\u0131n, Cankat Seyret | %%sitetitle%%","_seopress_titles_desc":"Ara\u015ft\u0131rma s\u00fcresince kent metabolizmas\u0131n\u0131, kentlere y\u00fczy\u0131llard\u0131r \u015fekil veren, \u00fcretim, para gibi kavramlar\u0131n sorgulamas\u0131n\u0131 da yaparken, bu kavramlar\u0131n nas\u0131l d\u00f6n\u00fc\u015ft\u00fc\u011f\u00fcn\u00fc, d\u00fcn ne olduklar\u0131n\u0131, bug\u00fcn ne olmakta olduklar\u0131n\u0131 incelerken, yar\u0131n ne olacaklar\u0131n\u0131 sezinlemeye \u00e7al\u0131\u015f\u0131r.","_seopress_robots_index":"","_price":"","_stock":"","_tribe_ticket_header":"","_tribe_default_ticket_provider":"","_tribe_ticket_capacity":"0","_ticket_start_date":"","_ticket_end_date":"","_tribe_ticket_show_description":"","_tribe_ticket_show_not_going":false,"_tribe_ticket_use_global_stock":"","_tribe_ticket_global_stock_level":"","_global_stock_mode":"","_global_stock_cap":"","_tribe_rsvp_for_event":"","_tribe_ticket_going_count":"","_tribe_ticket_not_going_count":"","_tribe_tickets_list":"[]","_tribe_ticket_has_attendee_info_fields":false,"_EventAllDay":false,"_EventTimezone":"","_EventStartDate":"","_EventEndDate":"","_EventStartDateUTC":"","_EventEndDateUTC":"","_EventShowMap":false,"_EventShowMapLink":false,"_EventURL":"","_EventCost":"","_EventCostDescription":"","_EventCurrencySymbol":"","_EventCurrencyCode":"","_EventCurrencyPosition":"","_EventDateTimeSeparator":"","_EventTimeRangeSeparator":"","_EventOrganizerID":[],"_EventVenueID":[],"_OrganizerEmail":"","_OrganizerPhone":"","_OrganizerWebsite":"","_VenueAddress":"","_VenueCity":"","_VenueCountry":"","_VenueProvince":"","_VenueState":"","_VenueZip":"","_VenuePhone":"","_VenueURL":"","_VenueStateProvince":"","_VenueLat":"","_VenueLng":"","_VenueShowMap":false,"_VenueShowMapLink":false,"footnotes":"","_tec_slr_enabled":"","_tec_slr_layout":""},"class_list":["post-9961","page","type-page","status-publish","hentry"],"acf":[],"ticketed":false,"_links":{"self":[{"href":"https:\/\/aura-istanbul.com\/index.php\/wp-json\/wp\/v2\/pages\/9961","targetHints":{"allow":["GET"]}}],"collection":[{"href":"https:\/\/aura-istanbul.com\/index.php\/wp-json\/wp\/v2\/pages"}],"about":[{"href":"https:\/\/aura-istanbul.com\/index.php\/wp-json\/wp\/v2\/types\/page"}],"author":[{"embeddable":true,"href":"https:\/\/aura-istanbul.com\/index.php\/wp-json\/wp\/v2\/users\/7"}],"replies":[{"embeddable":true,"href":"https:\/\/aura-istanbul.com\/index.php\/wp-json\/wp\/v2\/comments?post=9961"}],"version-history":[{"count":3,"href":"https:\/\/aura-istanbul.com\/index.php\/wp-json\/wp\/v2\/pages\/9961\/revisions"}],"predecessor-version":[{"id":15176,"href":"https:\/\/aura-istanbul.com\/index.php\/wp-json\/wp\/v2\/pages\/9961\/revisions\/15176"}],"wp:attachment":[{"href":"https:\/\/aura-istanbul.com\/index.php\/wp-json\/wp\/v2\/media?parent=9961"}],"curies":[{"name":"wp","href":"https:\/\/api.w.org\/{rel}","templated":true}]}}